{"id":38,"date":"2021-08-18T13:49:32","date_gmt":"2021-08-18T13:49:32","guid":{"rendered":"https:\/\/rafeirosdoalentejo.eu\/pt\/?page_id=38"},"modified":"2021-08-18T15:03:21","modified_gmt":"2021-08-18T15:03:21","slug":"sobre-nos","status":"publish","type":"page","link":"https:\/\/rafeirosdoalentejo.eu\/pt\/sobre-nos\/","title":{"rendered":"Sobre n\u00f3s"},"content":{"rendered":"\n<div class=\"wp-block-columns alignwide\">\n<div class=\"wp-block-column is-vertically-aligned-center\" style=\"flex-basis:550px\">\n<p><img loading=\"lazy\" width=\"573\" height=\"574\" class=\"wp-image-8\" style=\"width: 400px;\" src=\"https:\/\/rafeirosdoalentejo.eu\/pt\/wp-content\/uploads\/sites\/2\/2021\/08\/honden.png\" alt=\"Os nossos c\u00e3es\" srcset=\"https:\/\/rafeirosdoalentejo.eu\/pt\/wp-content\/uploads\/sites\/2\/2021\/08\/honden.png 573w, https:\/\/rafeirosdoalentejo.eu\/pt\/wp-content\/uploads\/sites\/2\/2021\/08\/honden-300x300.png 300w, https:\/\/rafeirosdoalentejo.eu\/pt\/wp-content\/uploads\/sites\/2\/2021\/08\/honden-150x150.png 150w, https:\/\/rafeirosdoalentejo.eu\/pt\/wp-content\/uploads\/sites\/2\/2021\/08\/honden-60x60.png 60w\" sizes=\"(max-width: 573px) 100vw, 573px\" \/><\/p>\n<\/div>\n\n\n\n<div class=\"wp-block-column\" style=\"flex-basis:850px\">\n<h3>Quem somos n\u00f3s?<\/h3>\n\n\n\n<p class=\"has-text-align-justify\" style=\"font-size:15px;line-height:1.4\">No final de 2004 n\u00f3s, Ruud, Pamela e nossos dois filhos Nick e Jay (ent\u00e3o com 7 e 12 anos) emigramos para Portugal. Desde abril de 2006 vivemos em nossa casa auto-constru\u00edda em S\u00e3o Lu\u00eds, na bela \u00e1rea costeira do Alentejo. <\/p>\n\n\n\n<p class=\"has-text-align-justify\" style=\"font-size:15px;line-height:1.4\">Sempre tivemos muitos c\u00e3es e gatos. Depois que nosso pastor alem\u00e3o Jack morreu repentinamente em 2018, decidimos comprar um Rafeiro do Alentejo. Meu marido sempre se encantou com c\u00e3es de S\u00e3o Bernardo e o Rafeiro chega muito perto disso. Eu mesmo estava um pouco relutante. Sou mais uma pessoa gato e s\u00f3 conhecia esses cachorros grandes como os c\u00e3es agressivos e latidos atr\u00e1s de uma cerca. <br>Mas depois de visitar uma ninhada nas proximidades, onde 3 c\u00e3es adultos tamb\u00e9m andavam por a\u00ed, que eram muito quietos e incrivelmente doces, eu tamb\u00e9m estava por perto e trouxemos um macho de 8 semanas e deu o nome Boef. <br><br>Boef tem agora 3 anos e desde o in\u00edcio deste ano nosso outro cachorro grande e doce Lucky (cruzamento entre um pastor alem\u00e3o e um Rafeiro) infelizmente faleceu aos 8 anos de idade, por isso, \u00e9 hora de um segundo cachorro grande e que ser\u00e1 Chica. Ao contr\u00e1rio de Boef, ela vem de um ninho registrado, com todos os documentos necess\u00e1rios e pedigree. <br><br>Como agora estamos t\u00e3o entusiasmados com essa ra\u00e7a, decidimos cooperar com a manuten\u00e7\u00e3o desses belos c\u00e3es. Esperamos obter uma ninhada de <a href=\"\/blogue\" target=\"_blank\" rel=\"noreferrer noopener\">Chica <\/a>em cerca de 2 anos, claro tamb\u00e9m totalmente registrado e com pedigree. Infelizmente, at\u00e9 l\u00e1 n\u00e3o podemos t\u00ea-la coberta por Boef, j\u00e1 que ele n\u00e3o tem os documentos necess\u00e1rios. Isso ser\u00e1 feito por outro macho registrado na associa\u00e7\u00e3o. <br><br>Nos pr\u00f3ximos anos manteremos um blog sobre crescer Chica, para que todos possam segui-la e talvez em 2 anos tamb\u00e9m veja sua primeira ninhada. Se voc\u00ea est\u00e1 interessado em um de seus filhotes, voc\u00ea sempre pode entrar em contato conosco!<\/p>\n<\/div>\n<\/div>\n\n\n\n<p><\/p>\n","protected":false},"excerpt":{"rendered":"<p>Quem somos n\u00f3s? No final de 2004 n\u00f3s, Ruud, Pamela e nossos dois filhos Nick e Jay (ent\u00e3o com 7 e 12 anos) emigramos para &hellip; <\/p>\n","protected":false},"author":1,"featured_media":0,"parent":0,"menu_order":0,"comment_status":"closed","ping_status":"closed","template":"","meta":[],"yoast_head":"<!-- This site is optimized with the Yoast SEO plugin v18.1 - https:\/\/yoast.com\/wordpress\/plugins\/seo\/ -->\n<title>Sobre n\u00f3s - o Quintal, criador do Rafeiro do Alentejo<\/title>\n<meta name=\"description\" content=\"Leia mais sobre n\u00f3s, a nossa hist\u00f3ria e os nossos novos planos como criador de Rafeiro do Alentejo, como um preservador desta bela ra\u00e7a.\" \/>\n<meta name=\"robots\" content=\"index, follow, max-snippet:-1, max-image-preview:large, max-video-preview:-1\" \/>\n<link rel=\"canonical\" href=\"https:\/\/rafeirosdoalentejo.eu\/pt\/sobre-nos\/\" \/>\n<meta property=\"og:locale\" content=\"pt_PT\" \/>\n<meta property=\"og:type\" content=\"article\" \/>\n<meta property=\"og:title\" content=\"Sobre n\u00f3s - o Quintal, criador do Rafeiro do Alentejo\" \/>\n<meta property=\"og:description\" content=\"Leia mais sobre n\u00f3s, a nossa hist\u00f3ria e os nossos novos planos como criador de Rafeiro do Alentejo, como um preservador desta bela ra\u00e7a.\" \/>\n<meta property=\"og:url\" content=\"https:\/\/rafeirosdoalentejo.eu\/pt\/sobre-nos\/\" \/>\n<meta property=\"og:site_name\" content=\"Rafeiros do Alentejo\" \/>\n<meta property=\"article:publisher\" content=\"https:\/\/www.facebook.com\/rafeirosdoalentejo\" \/>\n<meta property=\"article:modified_time\" content=\"2021-08-18T15:03:21+00:00\" \/>\n<meta property=\"og:image\" content=\"https:\/\/rafeirosdoalentejo.eu\/pt\/wp-content\/uploads\/sites\/2\/2021\/08\/honden.png\" \/>\n<meta name=\"twitter:card\" content=\"summary_large_image\" \/>\n<meta name=\"twitter:label1\" content=\"Tempo estimado de leitura\" \/>\n\t<meta name=\"twitter:data1\" content=\"2 minutos\" \/>\n<script type=\"application\/ld+json\" class=\"yoast-schema-graph\">{\"@context\":\"https:\/\/schema.org\",\"@graph\":[{\"@type\":\"WebSite\",\"@id\":\"https:\/\/rafeirosdoalentejo.eu\/pt\/#website\",\"url\":\"https:\/\/rafeirosdoalentejo.eu\/pt\/\",\"name\":\"Rafeiros do Alentejo\",\"description\":\"O maior e mais belo c\u00e3o de Portugal durante s\u00e9culos\",\"potentialAction\":[{\"@type\":\"SearchAction\",\"target\":{\"@type\":\"EntryPoint\",\"urlTemplate\":\"https:\/\/rafeirosdoalentejo.eu\/pt\/?s={search_term_string}\"},\"query-input\":\"required name=search_term_string\"}],\"inLanguage\":\"pt-PT\"},{\"@type\":\"ImageObject\",\"@id\":\"https:\/\/rafeirosdoalentejo.eu\/pt\/sobre-nos\/#primaryimage\",\"inLanguage\":\"pt-PT\",\"url\":\"https:\/\/rafeirosdoalentejo.eu\/pt\/wp-content\/uploads\/sites\/2\/2021\/08\/honden.png\",\"contentUrl\":\"https:\/\/rafeirosdoalentejo.eu\/pt\/wp-content\/uploads\/sites\/2\/2021\/08\/honden.png\",\"width\":573,\"height\":574,\"caption\":\"Os nossos c\u00e3es\"},{\"@type\":\"WebPage\",\"@id\":\"https:\/\/rafeirosdoalentejo.eu\/pt\/sobre-nos\/#webpage\",\"url\":\"https:\/\/rafeirosdoalentejo.eu\/pt\/sobre-nos\/\",\"name\":\"Sobre n\u00f3s - o Quintal, criador do Rafeiro do Alentejo\",\"isPartOf\":{\"@id\":\"https:\/\/rafeirosdoalentejo.eu\/pt\/#website\"},\"primaryImageOfPage\":{\"@id\":\"https:\/\/rafeirosdoalentejo.eu\/pt\/sobre-nos\/#primaryimage\"},\"datePublished\":\"2021-08-18T13:49:32+00:00\",\"dateModified\":\"2021-08-18T15:03:21+00:00\",\"description\":\"Leia mais sobre n\u00f3s, a nossa hist\u00f3ria e os nossos novos planos como criador de Rafeiro do Alentejo, como um preservador desta bela ra\u00e7a.\",\"breadcrumb\":{\"@id\":\"https:\/\/rafeirosdoalentejo.eu\/pt\/sobre-nos\/#breadcrumb\"},\"inLanguage\":\"pt-PT\",\"potentialAction\":[{\"@type\":\"ReadAction\",\"target\":[\"https:\/\/rafeirosdoalentejo.eu\/pt\/sobre-nos\/\"]}]},{\"@type\":\"BreadcrumbList\",\"@id\":\"https:\/\/rafeirosdoalentejo.eu\/pt\/sobre-nos\/#breadcrumb\",\"itemListElement\":[{\"@type\":\"ListItem\",\"position\":1,\"name\":\"Home\",\"item\":\"https:\/\/rafeirosdoalentejo.eu\/pt\/\"},{\"@type\":\"ListItem\",\"position\":2,\"name\":\"Sobre n\u00f3s\"}]}]}<\/script>\n<!-- \/ Yoast SEO plugin. -->","yoast_head_json":{"title":"Sobre n\u00f3s - o Quintal, criador do Rafeiro do Alentejo","description":"Leia mais sobre n\u00f3s, a nossa hist\u00f3ria e os nossos novos planos como criador de Rafeiro do Alentejo, como um preservador desta bela ra\u00e7a.","robots":{"index":"index","follow":"follow","max-snippet":"max-snippet:-1","max-image-preview":"max-image-preview:large","max-video-preview":"max-video-preview:-1"},"canonical":"https:\/\/rafeirosdoalentejo.eu\/pt\/sobre-nos\/","og_locale":"pt_PT","og_type":"article","og_title":"Sobre n\u00f3s - o Quintal, criador do Rafeiro do Alentejo","og_description":"Leia mais sobre n\u00f3s, a nossa hist\u00f3ria e os nossos novos planos como criador de Rafeiro do Alentejo, como um preservador desta bela ra\u00e7a.","og_url":"https:\/\/rafeirosdoalentejo.eu\/pt\/sobre-nos\/","og_site_name":"Rafeiros do Alentejo","article_publisher":"https:\/\/www.facebook.com\/rafeirosdoalentejo","article_modified_time":"2021-08-18T15:03:21+00:00","og_image":[{"url":"https:\/\/rafeirosdoalentejo.eu\/pt\/wp-content\/uploads\/sites\/2\/2021\/08\/honden.png"}],"twitter_card":"summary_large_image","twitter_misc":{"Tempo estimado de leitura":"2 minutos"},"schema":{"@context":"https:\/\/schema.org","@graph":[{"@type":"WebSite","@id":"https:\/\/rafeirosdoalentejo.eu\/pt\/#website","url":"https:\/\/rafeirosdoalentejo.eu\/pt\/","name":"Rafeiros do Alentejo","description":"O maior e mais belo c\u00e3o de Portugal durante s\u00e9culos","potentialAction":[{"@type":"SearchAction","target":{"@type":"EntryPoint","urlTemplate":"https:\/\/rafeirosdoalentejo.eu\/pt\/?s={search_term_string}"},"query-input":"required name=search_term_string"}],"inLanguage":"pt-PT"},{"@type":"ImageObject","@id":"https:\/\/rafeirosdoalentejo.eu\/pt\/sobre-nos\/#primaryimage","inLanguage":"pt-PT","url":"https:\/\/rafeirosdoalentejo.eu\/pt\/wp-content\/uploads\/sites\/2\/2021\/08\/honden.png","contentUrl":"https:\/\/rafeirosdoalentejo.eu\/pt\/wp-content\/uploads\/sites\/2\/2021\/08\/honden.png","width":573,"height":574,"caption":"Os nossos c\u00e3es"},{"@type":"WebPage","@id":"https:\/\/rafeirosdoalentejo.eu\/pt\/sobre-nos\/#webpage","url":"https:\/\/rafeirosdoalentejo.eu\/pt\/sobre-nos\/","name":"Sobre n\u00f3s - o Quintal, criador do Rafeiro do Alentejo","isPartOf":{"@id":"https:\/\/rafeirosdoalentejo.eu\/pt\/#website"},"primaryImageOfPage":{"@id":"https:\/\/rafeirosdoalentejo.eu\/pt\/sobre-nos\/#primaryimage"},"datePublished":"2021-08-18T13:49:32+00:00","dateModified":"2021-08-18T15:03:21+00:00","description":"Leia mais sobre n\u00f3s, a nossa hist\u00f3ria e os nossos novos planos como criador de Rafeiro do Alentejo, como um preservador desta bela ra\u00e7a.","breadcrumb":{"@id":"https:\/\/rafeirosdoalentejo.eu\/pt\/sobre-nos\/#breadcrumb"},"inLanguage":"pt-PT","potentialAction":[{"@type":"ReadAction","target":["https:\/\/rafeirosdoalentejo.eu\/pt\/sobre-nos\/"]}]},{"@type":"BreadcrumbList","@id":"https:\/\/rafeirosdoalentejo.eu\/pt\/sobre-nos\/#breadcrumb","itemListElement":[{"@type":"ListItem","position":1,"name":"Home","item":"https:\/\/rafeirosdoalentejo.eu\/pt\/"},{"@type":"ListItem","position":2,"name":"Sobre n\u00f3s"}]}]}},"_links":{"self":[{"href":"https:\/\/rafeirosdoalentejo.eu\/pt\/wp-json\/wp\/v2\/pages\/38"}],"collection":[{"href":"https:\/\/rafeirosdoalentejo.eu\/pt\/wp-json\/wp\/v2\/pages"}],"about":[{"href":"https:\/\/rafeirosdoalentejo.eu\/pt\/wp-json\/wp\/v2\/types\/page"}],"author":[{"embeddable":true,"href":"https:\/\/rafeirosdoalentejo.eu\/pt\/wp-json\/wp\/v2\/users\/1"}],"replies":[{"embeddable":true,"href":"https:\/\/rafeirosdoalentejo.eu\/pt\/wp-json\/wp\/v2\/comments?post=38"}],"version-history":[{"count":4,"href":"https:\/\/rafeirosdoalentejo.eu\/pt\/wp-json\/wp\/v2\/pages\/38\/revisions"}],"predecessor-version":[{"id":44,"href":"https:\/\/rafeirosdoalentejo.eu\/pt\/wp-json\/wp\/v2\/pages\/38\/revisions\/44"}],"wp:attachment":[{"href":"https:\/\/rafeirosdoalentejo.eu\/pt\/wp-json\/wp\/v2\/media?parent=38"}],"curies":[{"name":"wp","href":"https:\/\/api.w.org\/{rel}","templated":true}]}}